{"id":7,"date":"2021-05-23T04:47:16","date_gmt":"2021-05-23T04:47:16","guid":{"rendered":"https:\/\/origenfm.cl\/?page_id=7"},"modified":"2025-05-20T20:08:28","modified_gmt":"2025-05-20T20:08:28","slug":"radio-origen-fm","status":"publish","type":"page","link":"https:\/\/origenfm.cl\/","title":{"rendered":"Radio Origen Fm"},"content":{"rendered":"\t\t<div data-elementor-type=\"wp-page\" data-elementor-id=\"7\" class=\"elementor elementor-7\" data-elementor-settings=\"[]\">\n\t\t\t\t\t\t\t<div class=\"elementor-section-wrap\">\n\t\t\t\t\t\t\t<section class=\"elementor-section elementor-top-section elementor-element elementor-element-44a6eb5 elementor-section-boxed elementor-section-height-default elementor-section-height-default\" data-id=\"44a6eb5\" data-element_type=\"section\" data-settings=\"{&quot;background_background&quot;:&quot;classic&quot;,&quot;_ha_eqh_enable&quot;:false}\">\n\t\t\t\t\t\t\t<div class=\"elementor-background-overlay\"><\/div>\n\t\t\t\t\t\t\t<div class=\"elementor-container elementor-column-gap-default\">\n\t\t\t\t\t<div class=\"elementor-column elementor-col-100 elementor-top-column elementor-element elementor-element-4018b3f\" data-id=\"4018b3f\" data-element_type=\"column\">\n\t\t\t<div class=\"elementor-widget-wrap elementor-element-populated\">\n\t\t\t\t\t\t\t\t<div class=\"elementor-element elementor-element-8c08f8b elementor-widget elementor-widget-spacer\" data-id=\"8c08f8b\" data-element_type=\"widget\" data-widget_type=\"spacer.default\">\n\t\t\t\t<div class=\"elementor-widget-container\">\n\t\t\t\t\t<div class=\"elementor-spacer\">\n\t\t\t<div class=\"elementor-spacer-inner\"><\/div>\n\t\t<\/div>\n\t\t\t\t<\/div>\n\t\t\t\t<\/div>\n\t\t\t\t<section class=\"elementor-section elementor-inner-section elementor-element elementor-element-24b4a19 elementor-section-boxed elementor-section-height-default elementor-section-height-default\" data-id=\"24b4a19\" data-element_type=\"section\" data-settings=\"{&quot;_ha_eqh_enable&quot;:false}\">\n\t\t\t\t\t\t<div class=\"elementor-container elementor-column-gap-default\">\n\t\t\t\t\t<div class=\"elementor-column elementor-col-33 elementor-inner-column elementor-element elementor-element-fda30ec\" data-id=\"fda30ec\" data-element_type=\"column\">\n\t\t\t<div class=\"elementor-widget-wrap elementor-element-populated\">\n\t\t\t\t\t\t\t\t<div class=\"elementor-element elementor-element-3b7f946 elementor-widget elementor-widget-image\" data-id=\"3b7f946\" data-element_type=\"widget\" data-widget_type=\"image.default\">\n\t\t\t\t<div class=\"elementor-widget-container\">\n\t\t\t\t\t\t\t\t\t\t\t\t\t\t\t<img loading=\"lazy\" decoding=\"async\" width=\"2911\" height=\"1247\" src=\"https:\/\/origenfm.cl\/wp-content\/uploads\/2021\/05\/Marca-Origen-Fm-Color-Blanco-By-Dieworkscl-.png\" class=\"attachment-full size-full\" alt=\"\" srcset=\"https:\/\/origenfm.cl\/wp-content\/uploads\/2021\/05\/Marca-Origen-Fm-Color-Blanco-By-Dieworkscl-.png 2911w, https:\/\/origenfm.cl\/wp-content\/uploads\/2021\/05\/Marca-Origen-Fm-Color-Blanco-By-Dieworkscl--300x129.png 300w, https:\/\/origenfm.cl\/wp-content\/uploads\/2021\/05\/Marca-Origen-Fm-Color-Blanco-By-Dieworkscl--1024x439.png 1024w, https:\/\/origenfm.cl\/wp-content\/uploads\/2021\/05\/Marca-Origen-Fm-Color-Blanco-By-Dieworkscl--768x329.png 768w, https:\/\/origenfm.cl\/wp-content\/uploads\/2021\/05\/Marca-Origen-Fm-Color-Blanco-By-Dieworkscl--1536x658.png 1536w, https:\/\/origenfm.cl\/wp-content\/uploads\/2021\/05\/Marca-Origen-Fm-Color-Blanco-By-Dieworkscl--2048x877.png 2048w, https:\/\/origenfm.cl\/wp-content\/uploads\/2021\/05\/Marca-Origen-Fm-Color-Blanco-By-Dieworkscl--1568x672.png 1568w\" sizes=\"auto, (max-width: 2911px) 100vw, 2911px\" style=\"width:100%;height:42.84%;max-width:2911px\" \/>\t\t\t\t\t\t\t\t\t\t\t\t\t\t\t<\/div>\n\t\t\t\t<\/div>\n\t\t\t\t\t<\/div>\n\t\t<\/div>\n\t\t\t\t<div class=\"elementor-column elementor-col-33 elementor-inner-column elementor-element elementor-element-d7c9dc1\" data-id=\"d7c9dc1\" data-element_type=\"column\">\n\t\t\t<div class=\"elementor-widget-wrap\">\n\t\t\t\t\t\t\t\t\t<\/div>\n\t\t<\/div>\n\t\t\t\t<div class=\"elementor-column elementor-col-33 elementor-inner-column elementor-element elementor-element-898b106\" data-id=\"898b106\" data-element_type=\"column\">\n\t\t\t<div class=\"elementor-widget-wrap elementor-element-populated\">\n\t\t\t\t\t\t\t\t<div class=\"elementor-element elementor-element-d0fc4ef elementor-widget elementor-widget-spacer\" data-id=\"d0fc4ef\" data-element_type=\"widget\" data-widget_type=\"spacer.default\">\n\t\t\t\t<div class=\"elementor-widget-container\">\n\t\t\t\t\t<div class=\"elementor-spacer\">\n\t\t\t<div class=\"elementor-spacer-inner\"><\/div>\n\t\t<\/div>\n\t\t\t\t<\/div>\n\t\t\t\t<\/div>\n\t\t\t\t<div class=\"elementor-element elementor-element-da4efe7 elementor-widget elementor-widget-html\" data-id=\"da4efe7\" data-element_type=\"widget\" data-widget_type=\"html.default\">\n\t\t\t\t<div class=\"elementor-widget-container\">\n\t\t\t<iframe loading=\"lazy\" src=\"https:\/\/audio5.tustreaming.cl\/cp\/widgets\/player\/single\/?p=7210\" height=\"110\" width=\"100%\" scrolling=\"no\" style=\"border:none;\"><\/iframe>\t\t<\/div>\n\t\t\t\t<\/div>\n\t\t\t\t\t<\/div>\n\t\t<\/div>\n\t\t\t\t\t\t\t<\/div>\n\t\t<\/section>\n\t\t\t\t<div class=\"elementor-element elementor-element-dcddb4b elementor-widget elementor-widget-spacer\" data-id=\"dcddb4b\" data-element_type=\"widget\" data-widget_type=\"spacer.default\">\n\t\t\t\t<div class=\"elementor-widget-container\">\n\t\t\t\t\t<div class=\"elementor-spacer\">\n\t\t\t<div class=\"elementor-spacer-inner\"><\/div>\n\t\t<\/div>\n\t\t\t\t<\/div>\n\t\t\t\t<\/div>\n\t\t\t\t\t<\/div>\n\t\t<\/div>\n\t\t\t\t\t\t\t<\/div>\n\t\t<\/section>\n\t\t\t\t<section class=\"elementor-section elementor-top-section elementor-element elementor-element-ca1352b elementor-section-boxed elementor-section-height-default elementor-section-height-default\" data-id=\"ca1352b\" data-element_type=\"section\" data-settings=\"{&quot;background_background&quot;:&quot;classic&quot;,&quot;_ha_eqh_enable&quot;:false}\">\n\t\t\t\t\t\t<div class=\"elementor-container elementor-column-gap-default\">\n\t\t\t\t\t<div class=\"elementor-column elementor-col-50 elementor-top-column elementor-element elementor-element-05f566b\" data-id=\"05f566b\" data-element_type=\"column\">\n\t\t\t<div class=\"elementor-widget-wrap elementor-element-populated\">\n\t\t\t\t\t\t\t\t<div class=\"elementor-element elementor-element-2ac2978 elementor-widget elementor-widget-spacer\" data-id=\"2ac2978\" data-element_type=\"widget\" data-widget_type=\"spacer.default\">\n\t\t\t\t<div class=\"elementor-widget-container\">\n\t\t\t\t\t<div class=\"elementor-spacer\">\n\t\t\t<div class=\"elementor-spacer-inner\"><\/div>\n\t\t<\/div>\n\t\t\t\t<\/div>\n\t\t\t\t<\/div>\n\t\t\t\t<div class=\"elementor-element elementor-element-554934d elementor-widget elementor-widget-spacer\" data-id=\"554934d\" data-element_type=\"widget\" data-widget_type=\"spacer.default\">\n\t\t\t\t<div class=\"elementor-widget-container\">\n\t\t\t\t\t<div class=\"elementor-spacer\">\n\t\t\t<div class=\"elementor-spacer-inner\"><\/div>\n\t\t<\/div>\n\t\t\t\t<\/div>\n\t\t\t\t<\/div>\n\t\t\t\t\t<\/div>\n\t\t<\/div>\n\t\t\t\t<div class=\"elementor-column elementor-col-50 elementor-top-column elementor-element elementor-element-148a5fb\" data-id=\"148a5fb\" data-element_type=\"column\">\n\t\t\t<div class=\"elementor-widget-wrap elementor-element-populated\">\n\t\t\t\t\t\t\t\t<div class=\"elementor-element elementor-element-1b9daba elementor-widget elementor-widget-spacer\" data-id=\"1b9daba\" data-element_type=\"widget\" data-widget_type=\"spacer.default\">\n\t\t\t\t<div class=\"elementor-widget-container\">\n\t\t\t\t\t<div class=\"elementor-spacer\">\n\t\t\t<div class=\"elementor-spacer-inner\"><\/div>\n\t\t<\/div>\n\t\t\t\t<\/div>\n\t\t\t\t<\/div>\n\t\t\t\t<div class=\"elementor-element elementor-element-dc153fc elementor-widget elementor-widget-elementskit-heading\" data-id=\"dc153fc\" data-element_type=\"widget\" data-widget_type=\"elementskit-heading.default\">\n\t\t\t\t<div class=\"elementor-widget-container\">\n\t\t\t<div class=\"ekit-wid-con\" ><div class=\"ekit-heading elementskit-section-title-wraper text_left   ekit_heading_tablet-   ekit_heading_mobile-\"><h2 class=\"ekit-heading--title elementskit-section-title \">\n\t\t\t\t\tNuestra <span><span>Radio<\/span><\/span>\n\t\t\t\t<\/h2><div class=\"ekit_heading_separetor_wraper ekit_heading_elementskit-border-divider\"><div class=\"elementskit-border-divider\"><\/div><\/div><\/div><\/div>\t\t<\/div>\n\t\t\t\t<\/div>\n\t\t\t\t<div class=\"elementor-element elementor-element-094db16 elementor-widget elementor-widget-text-editor\" data-id=\"094db16\" data-element_type=\"widget\" data-widget_type=\"text-editor.default\">\n\t\t\t\t<div class=\"elementor-widget-container\">\n\t\t\t\t\t\t\t<p><span style=\"font-weight: 400;\">Radio <strong>Origen FM<\/strong> \u00fanica y de original estilo, muchos cl\u00e1sicos de grandes\u00a0 artistas e int\u00e9rpretes componen nuestra\u00a0 programaci\u00f3n musical, mucho m\u00e1s dedicada y casi exclusiva al adulto joven;\u00a0 Classic , Pop, Baladas y\u00a0 Rock en Radio Origen son plasmadas por el conocimiento en musicalizaci\u00f3n radial de nuestro Director que dio vida a la programaci\u00f3n\u00a0 actual, siendo <\/span><b>Radio Origen<\/b><span style=\"font-weight: 400;\"> \u00a0 en estos tiempos un referente para muchos nuevos auditores de radio\u00a0 que se cautivan\u00a0 disfrutando de la m\u00fasica de todos los tiempos.<\/span><\/p><p><span style=\"font-weight: 400;\">\u00a0\u00a0Nuestra parrilla musical\u00a0 sin dudas abarca los gustos de nuestros j\u00f3venes, adulto joven y aun m\u00e1s, tanto para gustos femeninos y masculinos con matices de romanticismo en algunas horas del d\u00eda.<\/span><\/p><p><span style=\"font-weight: 400;\">Nuestros archivos sonoros datan de una colecci\u00f3n musical de m\u00e1s de 25 a\u00f1os que fue conservada por nuestro director porque en alg\u00fan momento\u00a0 pens\u00f3\u00a0 que estos archivos sonar\u00edan en un medio radial , tal iniciativa se ve reflejada hoy en nuestra gran cantidad de cl\u00e1sicos de los a\u00f1os 60 y 70 , 80 y 90 , 2000 y mas.-<\/span><\/p><p><span style=\"font-weight: 400;\">Desde un tiempo a estos d\u00edas hemos avanzado en cautivar cada d\u00eda mas y mas auditores de todos los niveles socioecon\u00f3micos y target, nos sintonizan por mencionar algunos puntos ; en oficinas p\u00fablicas , autom\u00f3viles , locomoci\u00f3n colectiva , supermercados ,tiendas y en distintos hogares de la ciudad de Rio Bueno\u00a0 que hacen de <\/span><b>Radio Origen<\/b><span style=\"font-weight: 400;\"> una agradable compa\u00f1\u00eda, sin duda reinventamos la forma de escuchar radio.<\/span><\/p>\t\t\t\t\t\t<\/div>\n\t\t\t\t<\/div>\n\t\t\t\t\t<\/div>\n\t\t<\/div>\n\t\t\t\t\t\t\t<\/div>\n\t\t<\/section>\n\t\t\t\t<section class=\"elementor-section elementor-top-section elementor-element elementor-element-a38192f elementor-section-boxed elementor-section-height-default elementor-section-height-default\" data-id=\"a38192f\" data-element_type=\"section\" data-settings=\"{&quot;background_background&quot;:&quot;classic&quot;,&quot;_ha_eqh_enable&quot;:false}\">\n\t\t\t\t\t\t<div class=\"elementor-container elementor-column-gap-default\">\n\t\t\t\t\t<div class=\"elementor-column elementor-col-50 elementor-top-column elementor-element elementor-element-ff33cbd\" data-id=\"ff33cbd\" data-element_type=\"column\">\n\t\t\t<div class=\"elementor-widget-wrap elementor-element-populated\">\n\t\t\t\t\t\t\t\t<div class=\"elementor-element elementor-element-f5ecfd5 elementor-widget elementor-widget-spacer\" data-id=\"f5ecfd5\" data-element_type=\"widget\" data-widget_type=\"spacer.default\">\n\t\t\t\t<div class=\"elementor-widget-container\">\n\t\t\t\t\t<div class=\"elementor-spacer\">\n\t\t\t<div class=\"elementor-spacer-inner\"><\/div>\n\t\t<\/div>\n\t\t\t\t<\/div>\n\t\t\t\t<\/div>\n\t\t\t\t<div class=\"elementor-element elementor-element-eb9f29c elementor-widget elementor-widget-elementskit-heading\" data-id=\"eb9f29c\" data-element_type=\"widget\" data-widget_type=\"elementskit-heading.default\">\n\t\t\t\t<div class=\"elementor-widget-container\">\n\t\t\t<div class=\"ekit-wid-con\" ><div class=\"ekit-heading elementskit-section-title-wraper text_left   ekit_heading_tablet-   ekit_heading_mobile-\"><h2 class=\"ekit-heading--title elementskit-section-title \">\n\t\t\t\t\tNuestra <span><span>Historia<\/span><\/span>\n\t\t\t\t<\/h2><div class=\"ekit_heading_separetor_wraper ekit_heading_elementskit-border-divider\"><div class=\"elementskit-border-divider\"><\/div><\/div><\/div><\/div>\t\t<\/div>\n\t\t\t\t<\/div>\n\t\t\t\t<div class=\"elementor-element elementor-element-2e340a6 elementor-widget elementor-widget-text-editor\" data-id=\"2e340a6\" data-element_type=\"widget\" data-widget_type=\"text-editor.default\">\n\t\t\t\t<div class=\"elementor-widget-container\">\n\t\t\t\t\t\t\t<p><span style=\"font-weight: 400;\">RADIO ORIGEN NACE DOS A\u00d1OS ANTES DE SALIR EN EL 107.1 FM , COMENZAMOS EN EL 94.7 SOLO CON M\u00daSICA RETRO 24\/7 Y SEGUIMOS CON LA MISMA PROGRAMACI\u00d3N MUSICAL QUE EN AQUEL ENTONCES QUE YA LLAMABA MUCHO LA ATENCI\u00d3N .<\/span><\/p><p><span style=\"font-weight: 400;\">\u00a0CUANDO EXPIRA LA CONCESI\u00d3N EN EL\u00a0 94.7\u00a0 QUE FUE CEDIDA POR LA AGRUPACION EL\u00a0 SHADAY\u00a0 DE PUERTO MONTT PARA QUE UTILIZARAMOS ESA SE\u00d1AL SIN FINES DE LUCRO ,NOS TRASLADAMOS EN EL DIAL\u00a0 Y NOS ACOGIMOS A LA\u00a0 LA NUEVA LEY DE RADIOS CIUDADANAS.<\/span><\/p><p><span style=\"font-weight: 400;\">\u00a0UNA VEZ INSTALADOS EN EL 107.1\u00a0 DE LA FM ,PUDIMOS MEJORAR NUESTRA COBERTURA ,HOY CAMBIAMOS\u00a0 LA PROGRAMACI\u00d3N INCLUYENDO UN MATINAL E INFORMACIONES PERO DURANTE TODO EL RESTO DEL DIA ES , SOLO CLASICOS.<\/span><\/p><p><span style=\"font-weight: 400;\">EN EL MOMENTO JUSTO DEL DIA 21 DE SEPTIEMBRE A LAS 8 DE LA MA\u00d1ANA ENCENDIMOS EL NUEVO TRANSMISOR Y DESDE AH\u00cd HEMOS IDO MEJORANDO EN CALIDAD T\u00c9CNICA PARA ESTAR A LA VANGUARDIA Y HACER QUE RADIO ORIGEN SE ESCUCHE CON UNA BUENA CALIDAD DE AUDIO.<\/span><\/p>\t\t\t\t\t\t<\/div>\n\t\t\t\t<\/div>\n\t\t\t\t\t<\/div>\n\t\t<\/div>\n\t\t\t\t<div class=\"elementor-column elementor-col-50 elementor-top-column elementor-element elementor-element-a81e54d\" data-id=\"a81e54d\" data-element_type=\"column\">\n\t\t\t<div class=\"elementor-widget-wrap elementor-element-populated\">\n\t\t\t\t\t\t\t\t<div class=\"elementor-element elementor-element-57a9758 elementor-widget elementor-widget-spacer\" data-id=\"57a9758\" data-element_type=\"widget\" data-widget_type=\"spacer.default\">\n\t\t\t\t<div class=\"elementor-widget-container\">\n\t\t\t\t\t<div class=\"elementor-spacer\">\n\t\t\t<div class=\"elementor-spacer-inner\"><\/div>\n\t\t<\/div>\n\t\t\t\t<\/div>\n\t\t\t\t<\/div>\n\t\t\t\t\t<\/div>\n\t\t<\/div>\n\t\t\t\t\t\t\t<\/div>\n\t\t<\/section>\n\t\t\t\t<section class=\"elementor-section elementor-top-section elementor-element elementor-element-d072264 elementor-section-boxed elementor-section-height-default elementor-section-height-default\" data-id=\"d072264\" data-element_type=\"section\" data-settings=\"{&quot;background_background&quot;:&quot;classic&quot;,&quot;_ha_eqh_enable&quot;:false}\">\n\t\t\t\t\t\t<div class=\"elementor-container elementor-column-gap-default\">\n\t\t\t\t\t<div class=\"elementor-column elementor-col-100 elementor-top-column elementor-element elementor-element-f771859\" data-id=\"f771859\" data-element_type=\"column\">\n\t\t\t<div class=\"elementor-widget-wrap elementor-element-populated\">\n\t\t\t\t\t\t\t\t<section class=\"elementor-section elementor-inner-section elementor-element elementor-element-0d98bf2 elementor-section-boxed elementor-section-height-default elementor-section-height-default\" data-id=\"0d98bf2\" data-element_type=\"section\" data-settings=\"{&quot;_ha_eqh_enable&quot;:false}\">\n\t\t\t\t\t\t<div class=\"elementor-container elementor-column-gap-default\">\n\t\t\t\t\t<div class=\"elementor-column elementor-col-50 elementor-inner-column elementor-element elementor-element-9135217\" data-id=\"9135217\" data-element_type=\"column\">\n\t\t\t<div class=\"elementor-widget-wrap\">\n\t\t\t\t\t\t\t\t\t<\/div>\n\t\t<\/div>\n\t\t\t\t<div class=\"elementor-column elementor-col-50 elementor-inner-column elementor-element elementor-element-88d2d02\" data-id=\"88d2d02\" data-element_type=\"column\">\n\t\t\t<div class=\"elementor-widget-wrap elementor-element-populated\">\n\t\t\t\t\t\t\t\t<div class=\"elementor-element elementor-element-d0b5660 elementor-widget elementor-widget-spacer\" data-id=\"d0b5660\" data-element_type=\"widget\" data-widget_type=\"spacer.default\">\n\t\t\t\t<div class=\"elementor-widget-container\">\n\t\t\t\t\t<div class=\"elementor-spacer\">\n\t\t\t<div class=\"elementor-spacer-inner\"><\/div>\n\t\t<\/div>\n\t\t\t\t<\/div>\n\t\t\t\t<\/div>\n\t\t\t\t<div class=\"elementor-element elementor-element-7f47c70 elementor-widget elementor-widget-elementskit-heading\" data-id=\"7f47c70\" data-element_type=\"widget\" data-widget_type=\"elementskit-heading.default\">\n\t\t\t\t<div class=\"elementor-widget-container\">\n\t\t\t<div class=\"ekit-wid-con\" ><div class=\"ekit-heading elementskit-section-title-wraper text_left   ekit_heading_tablet-   ekit_heading_mobile-\"><h2 class=\"ekit-heading--title elementskit-section-title \">\n\t\t\t\t\tNuestra <span><span>Programaci\u00f3n<\/span><\/span>\n\t\t\t\t<\/h2><div class=\"ekit_heading_separetor_wraper ekit_heading_elementskit-border-divider\"><div class=\"elementskit-border-divider\"><\/div><\/div><\/div><\/div>\t\t<\/div>\n\t\t\t\t<\/div>\n\t\t\t\t<div class=\"elementor-element elementor-element-cf75cba elementor-widget elementor-widget-text-editor\" data-id=\"cf75cba\" data-element_type=\"widget\" data-widget_type=\"text-editor.default\">\n\t\t\t\t<div class=\"elementor-widget-container\">\n\t\t\t\t\t\t\t<p><span style=\"font-weight: 400;\"><strong>Desde las 08:00 de la ma\u00f1ana<\/strong> comenzamos un nuevo d\u00eda con \u00e9xitos cl\u00e1sicos, los Hot 100 de la revista Billboard hasta las 10 de la ma\u00f1ana.-<\/span><\/p><p><b>De Lunes a viernes<\/b><span style=\"font-weight: 400;\">; La S\u00faper Ma\u00f1ana\u00a0 desde las 10 de la ma\u00f1ana hasta la una de la tarde ; trae a tus o\u00eddos los mejores recuerdos\u00a0 y los \u00e9xitos del momento , m\u00fasica chilena , m\u00fasica en vivo y todos \u00e9xitos latinos. La S\u00faper Ma\u00f1ana es un programa de m\u00fasica, compa\u00f1\u00eda entretenci\u00f3n y noticias del momento con locuci\u00f3n en vivo.-<\/span><\/p><p><span style=\"font-weight: 400;\"><strong>De lunes\u00a0 Viernes:<\/strong> Informativo 107 al d\u00eda, noticias ciudadanas a cargo de Christian Peschke Vejar, media hora de noticias en vivo.-<\/span><\/p><p><span style=\"font-weight: 400;\"><strong>14:00 a 18:00 \/TARDE DE BUENA RADIO;<\/strong> m\u00fasica de los a\u00f1os 80 y 90 y matices de m\u00fasica contempor\u00e1nea.-<\/span><\/p><p><span style=\"font-weight: 400;\"><strong>18:00 a 19:00<\/strong> \/Tu Tarde Juvenil; M\u00fasica del mercado internacional, pop rock, electr\u00f3nica etc., siempre en su caracter\u00edstica anglo.-<\/span><\/p><p><span style=\"font-weight: 400;\"><strong>Desde las 19 horas y hasta las 2 de la madrugada,<\/strong> solo cl\u00e1sicos; club 80 ta , retro lento love.-<\/span><\/p><p><span style=\"font-weight: 400;\"><strong>Desde la 02.00 am. \/<\/strong>\u201dEl Gran Trasnoche de Radio Origen\u201d, m\u00fasica r\u00e1pida latina y anglo, retro una gran selecci\u00f3n de canciones para esperar el amanecer.-<\/span><\/p><p><span style=\"font-weight: 400;\"><strong>Desde las 07:00 \/<\/strong> despertamos con toda la m\u00fasica juvenil actual incluye reggeatton para nuestros j\u00f3venes que se van a clases \u00a1!<\/span><\/p><p><span style=\"font-weight: 400;\"><strong>SABADO\u00a0 Y DOMINGO COMPLETAMENTE RETRO CLASICOS.<\/strong>&#8211;<\/span><\/p>\t\t\t\t\t\t<\/div>\n\t\t\t\t<\/div>\n\t\t\t\t\t<\/div>\n\t\t<\/div>\n\t\t\t\t\t\t\t<\/div>\n\t\t<\/section>\n\t\t\t\t<div class=\"elementor-element elementor-element-30863d9 elementor-widget elementor-widget-spacer\" data-id=\"30863d9\" data-element_type=\"widget\" data-widget_type=\"spacer.default\">\n\t\t\t\t<div class=\"elementor-widget-container\">\n\t\t\t\t\t<div class=\"elementor-spacer\">\n\t\t\t<div class=\"elementor-spacer-inner\"><\/div>\n\t\t<\/div>\n\t\t\t\t<\/div>\n\t\t\t\t<\/div>\n\t\t\t\t\t<\/div>\n\t\t<\/div>\n\t\t\t\t\t\t\t<\/div>\n\t\t<\/section>\n\t\t\t\t\t\t<\/div>\n\t\t\t\t\t<\/div>\n\t\t","protected":false},"excerpt":{"rendered":"<p>Nuestra Radio Radio Origen FM \u00fanica y de original estilo, muchos cl\u00e1sicos de grandes\u00a0 artistas e int\u00e9rpretes componen nuestra\u00a0 programaci\u00f3n musical, mucho m\u00e1s dedicada y casi exclusiva al adulto joven;\u00a0 Classic , Pop, Baladas y\u00a0 Rock en Radio Origen son plasmadas por el conocimiento en musicalizaci\u00f3n radial de nuestro Director que dio vida a la&hellip; <a class=\"more-link\" href=\"https:\/\/origenfm.cl\/\">Seguir leyendo <span class=\"screen-reader-text\">Radio Origen Fm<\/span><\/a><\/p>\n","protected":false},"author":1,"featured_media":0,"parent":0,"menu_order":0,"comment_status":"closed","ping_status":"closed","template":"elementor_canvas","meta":{"footnotes":""},"class_list":["post-7","page","type-page","status-publish","hentry","entry"],"yoast_head":"<!-- This site is optimized with the Yoast SEO plugin v17.4 - https:\/\/yoast.com\/wordpress\/plugins\/seo\/ -->\n<title>Radio Origen Fm - RADIO ORIGEN FM<\/title>\n<meta name=\"robots\" content=\"index, follow, max-snippet:-1, max-image-preview:large, max-video-preview:-1\" \/>\n<link rel=\"canonical\" href=\"https:\/\/origenfm.cl\/\" \/>\n<meta property=\"og:locale\" content=\"es_ES\" \/>\n<meta property=\"og:type\" content=\"article\" \/>\n<meta property=\"og:title\" content=\"Radio Origen Fm - RADIO ORIGEN FM\" \/>\n<meta property=\"og:description\" content=\"Nuestra Radio Radio Origen FM \u00fanica y de original estilo, muchos cl\u00e1sicos de grandes\u00a0 artistas e int\u00e9rpretes componen nuestra\u00a0 programaci\u00f3n musical, mucho m\u00e1s dedicada y casi exclusiva al adulto joven;\u00a0 Classic , Pop, Baladas y\u00a0 Rock en Radio Origen son plasmadas por el conocimiento en musicalizaci\u00f3n radial de nuestro Director que dio vida a la&hellip; Seguir leyendo Radio Origen Fm\" \/>\n<meta property=\"og:url\" content=\"https:\/\/origenfm.cl\/\" \/>\n<meta property=\"og:site_name\" content=\"RADIO ORIGEN FM\" \/>\n<meta property=\"article:modified_time\" content=\"2025-05-20T20:08:28+00:00\" \/>\n<meta property=\"og:image\" content=\"https:\/\/origenfm.cl\/wp-content\/uploads\/2021\/05\/Marca-Origen-Fm-Color-Blanco-By-Dieworkscl-.png\" \/>\n<meta name=\"twitter:card\" content=\"summary_large_image\" \/>\n<meta name=\"twitter:label1\" content=\"Tiempo estimado de lectura\" \/>\n\t<meta name=\"twitter:data1\" content=\"3 minutos\" \/>\n<script type=\"application\/ld+json\" class=\"yoast-schema-graph\">{\"@context\":\"https:\/\/schema.org\",\"@graph\":[{\"@type\":\"WebSite\",\"@id\":\"https:\/\/origenfm.cl\/#website\",\"url\":\"https:\/\/origenfm.cl\/\",\"name\":\"RADIO ORIGEN FM\",\"description\":\"Just another WordPress site\",\"potentialAction\":[{\"@type\":\"SearchAction\",\"target\":{\"@type\":\"EntryPoint\",\"urlTemplate\":\"https:\/\/origenfm.cl\/?s={search_term_string}\"},\"query-input\":\"required name=search_term_string\"}],\"inLanguage\":\"es\"},{\"@type\":\"ImageObject\",\"@id\":\"https:\/\/origenfm.cl\/#primaryimage\",\"inLanguage\":\"es\",\"url\":\"https:\/\/origenfm.cl\/wp-content\/uploads\/2021\/05\/Marca-Origen-Fm-Color-Blanco-By-Dieworkscl-.png\",\"contentUrl\":\"https:\/\/origenfm.cl\/wp-content\/uploads\/2021\/05\/Marca-Origen-Fm-Color-Blanco-By-Dieworkscl-.png\",\"width\":2911,\"height\":1247},{\"@type\":\"WebPage\",\"@id\":\"https:\/\/origenfm.cl\/#webpage\",\"url\":\"https:\/\/origenfm.cl\/\",\"name\":\"Radio Origen Fm - RADIO ORIGEN FM\",\"isPartOf\":{\"@id\":\"https:\/\/origenfm.cl\/#website\"},\"primaryImageOfPage\":{\"@id\":\"https:\/\/origenfm.cl\/#primaryimage\"},\"datePublished\":\"2021-05-23T04:47:16+00:00\",\"dateModified\":\"2025-05-20T20:08:28+00:00\",\"breadcrumb\":{\"@id\":\"https:\/\/origenfm.cl\/#breadcrumb\"},\"inLanguage\":\"es\",\"potentialAction\":[{\"@type\":\"ReadAction\",\"target\":[\"https:\/\/origenfm.cl\/\"]}]},{\"@type\":\"BreadcrumbList\",\"@id\":\"https:\/\/origenfm.cl\/#breadcrumb\",\"itemListElement\":[{\"@type\":\"ListItem\",\"position\":1,\"name\":\"Portada\",\"item\":\"https:\/\/origenfm.cl\/\"},{\"@type\":\"ListItem\",\"position\":2,\"name\":\"Radio Origen Fm\"}]}]}<\/script>\n<!-- \/ Yoast SEO plugin. -->","yoast_head_json":{"title":"Radio Origen Fm - RADIO ORIGEN FM","robots":{"index":"index","follow":"follow","max-snippet":"max-snippet:-1","max-image-preview":"max-image-preview:large","max-video-preview":"max-video-preview:-1"},"canonical":"https:\/\/origenfm.cl\/","og_locale":"es_ES","og_type":"article","og_title":"Radio Origen Fm - RADIO ORIGEN FM","og_description":"Nuestra Radio Radio Origen FM \u00fanica y de original estilo, muchos cl\u00e1sicos de grandes\u00a0 artistas e int\u00e9rpretes componen nuestra\u00a0 programaci\u00f3n musical, mucho m\u00e1s dedicada y casi exclusiva al adulto joven;\u00a0 Classic , Pop, Baladas y\u00a0 Rock en Radio Origen son plasmadas por el conocimiento en musicalizaci\u00f3n radial de nuestro Director que dio vida a la&hellip; Seguir leyendo Radio Origen Fm","og_url":"https:\/\/origenfm.cl\/","og_site_name":"RADIO ORIGEN FM","article_modified_time":"2025-05-20T20:08:28+00:00","og_image":[{"url":"https:\/\/origenfm.cl\/wp-content\/uploads\/2021\/05\/Marca-Origen-Fm-Color-Blanco-By-Dieworkscl-.png"}],"twitter_card":"summary_large_image","twitter_misc":{"Tiempo estimado de lectura":"3 minutos"},"schema":{"@context":"https:\/\/schema.org","@graph":[{"@type":"WebSite","@id":"https:\/\/origenfm.cl\/#website","url":"https:\/\/origenfm.cl\/","name":"RADIO ORIGEN FM","description":"Just another WordPress site","potentialAction":[{"@type":"SearchAction","target":{"@type":"EntryPoint","urlTemplate":"https:\/\/origenfm.cl\/?s={search_term_string}"},"query-input":"required name=search_term_string"}],"inLanguage":"es"},{"@type":"ImageObject","@id":"https:\/\/origenfm.cl\/#primaryimage","inLanguage":"es","url":"https:\/\/origenfm.cl\/wp-content\/uploads\/2021\/05\/Marca-Origen-Fm-Color-Blanco-By-Dieworkscl-.png","contentUrl":"https:\/\/origenfm.cl\/wp-content\/uploads\/2021\/05\/Marca-Origen-Fm-Color-Blanco-By-Dieworkscl-.png","width":2911,"height":1247},{"@type":"WebPage","@id":"https:\/\/origenfm.cl\/#webpage","url":"https:\/\/origenfm.cl\/","name":"Radio Origen Fm - RADIO ORIGEN FM","isPartOf":{"@id":"https:\/\/origenfm.cl\/#website"},"primaryImageOfPage":{"@id":"https:\/\/origenfm.cl\/#primaryimage"},"datePublished":"2021-05-23T04:47:16+00:00","dateModified":"2025-05-20T20:08:28+00:00","breadcrumb":{"@id":"https:\/\/origenfm.cl\/#breadcrumb"},"inLanguage":"es","potentialAction":[{"@type":"ReadAction","target":["https:\/\/origenfm.cl\/"]}]},{"@type":"BreadcrumbList","@id":"https:\/\/origenfm.cl\/#breadcrumb","itemListElement":[{"@type":"ListItem","position":1,"name":"Portada","item":"https:\/\/origenfm.cl\/"},{"@type":"ListItem","position":2,"name":"Radio Origen Fm"}]}]}},"_links":{"self":[{"href":"https:\/\/origenfm.cl\/index.php?rest_route=\/wp\/v2\/pages\/7","targetHints":{"allow":["GET"]}}],"collection":[{"href":"https:\/\/origenfm.cl\/index.php?rest_route=\/wp\/v2\/pages"}],"about":[{"href":"https:\/\/origenfm.cl\/index.php?rest_route=\/wp\/v2\/types\/page"}],"author":[{"embeddable":true,"href":"https:\/\/origenfm.cl\/index.php?rest_route=\/wp\/v2\/users\/1"}],"replies":[{"embeddable":true,"href":"https:\/\/origenfm.cl\/index.php?rest_route=%2Fwp%2Fv2%2Fcomments&post=7"}],"version-history":[{"count":172,"href":"https:\/\/origenfm.cl\/index.php?rest_route=\/wp\/v2\/pages\/7\/revisions"}],"predecessor-version":[{"id":207,"href":"https:\/\/origenfm.cl\/index.php?rest_route=\/wp\/v2\/pages\/7\/revisions\/207"}],"wp:attachment":[{"href":"https:\/\/origenfm.cl\/index.php?rest_route=%2Fwp%2Fv2%2Fmedia&parent=7"}],"curies":[{"name":"wp","href":"https:\/\/api.w.org\/{rel}","templated":true}]}}